{"id":4400,"date":"2021-02-02T19:05:46","date_gmt":"2021-02-02T19:05:46","guid":{"rendered":"https:\/\/nya.smalsparet.com\/?page_id=4400"},"modified":"2021-02-02T19:05:46","modified_gmt":"2021-02-02T19:05:46","slug":"vanliga-fragor-dressin","status":"publish","type":"page","link":"https:\/\/smalsparet.com\/de\/vanliga-fragor-dressin\/","title":{"rendered":"H\u00e4ufig gestellte Fragen zum Anziehen"},"content":{"rendered":"<div class=\"wp-block-group alignfull has-white-background-color has-background\"><div class=\"wp-block-group__inner-container is-layout-flow wp-block-group-is-layout-flow\">\n<h1 class=\"has-text-align-center wp-block-heading\">H\u00e4ufige Fragen zum Radeln mit Draisinen<\/h1>\n<\/div><\/div>\n\n\n\n<div class=\"wp-block-cover alignfull has-background-dim\" style=\"background-color:#d9dee3;min-height:500px;aspect-ratio:unset;\"><div class=\"wp-block-cover__inner-container is-layout-flow wp-block-cover-is-layout-flow\">\n<h2 class=\"has-text-align-center has-text-color wp-block-heading\" style=\"color:#333333\">H\u00e4ufig gestellte Fragen vor dem Radfahren<\/h2>\n\n\n\n<div class=\"wp-block-columns are-vertically-aligned-top is-layout-flex wp-container-core-columns-is-layout-28f84493 wp-block-columns-is-layout-flex\">\n<div class=\"wp-block-column is-vertically-aligned-top is-layout-flow wp-block-column-is-layout-flow\">\n<div class=\"wp-block-group\"><div class=\"wp-block-group__inner-container is-layout-flow wp-block-group-is-layout-flow\">\n<h5 class=\"has-text-color wp-block-heading\" style=\"color:#333333\">Wie buche ich?<\/h5>\n\n\n\n<p class=\"has-black-color has-text-color\">Sie k\u00f6nnen ganz einfach direkt hier auf unserer Website buchen. Informationen und Buchung f\u00fcr jede Strecke: <\/p>\n\n\n\n<p>Hultsfred, Flaten, <a href=\"https:\/\/smalsparet.com\/de\/cykla-dressin-fran-virserum\/\" data-type=\"page\">Virserum<\/a>, <a href=\"https:\/\/smalsparet.com\/de\/cykla-dressin-fran-aseda\/\" data-type=\"page\" data-id=\"4164\">\u00c5seda<\/a>.<\/p>\n\n\n\n<p class=\"has-text-color\" style=\"color:#333333\"><strong><em>Leider k\u00f6nnen wir keine Buchungen per E-Mail annehmen.<\/em><\/strong>, sondern bezieht sich auf die Online-Buchung. Telefonische Buchungen sind begrenzt, so dass sie vorbehaltlich der Verf\u00fcgbarkeit, aktuelle Verf\u00fcgbarkeit und \u00d6ffnungszeiten sind immer online sichtbar.<\/p>\n\n\n\n<h5 class=\"has-text-color wp-block-heading\" style=\"color:#333333\">Wie buche ich ab?<\/h5>\n\n\n\n<p class=\"has-text-color\" style=\"color:#333333\">Stornieren Sie einfach auf unserer Buchungsseite, der Link ist je nach gebuchter Strecke unterschiedlich. Wenn Sie sich nicht einloggen k\u00f6nnen, senden Sie uns bitte eine E-Mail an info@smalsparet.com und geben Sie Ihre Buchungsnummer und die gebuchte Strecke an. Wir werden Ihnen helfen.<\/p>\n\n\n\n<p><a href=\"https:\/\/dressinhultsfred.bokamera.se\/bookings\"><strong>Abbuchung der Strecken, die in Flaten oder Hultsfred starten<\/strong><\/a><\/p>\n\n\n\n<p><a href=\"https:\/\/dressinvirserum.bokamera.se\/bookings\"><strong>Abbuchung der Strecken, die in Virserum oder \u00c5seda starten<\/strong><\/a><\/p>\n\n\n\n<h5 class=\"has-text-color wp-block-heading\" style=\"color:#333333\">Brauche ich besondere Kleidung?<\/h5>\n\n\n\n<p class=\"has-text-color\" style=\"color:#333333\">Kleidung dem Wetter entsprechend. Denken Sie daran, dass Sie sich in der Natur befinden und radeln, also nicht allzu empfindliche Kleidung.<\/p>\n<\/div><\/div>\n<\/div>\n\n\n\n<div class=\"wp-block-column is-vertically-aligned-top is-layout-flow wp-block-column-is-layout-flow\">\n<div class=\"wp-block-group\"><div class=\"wp-block-group__inner-container is-layout-flow wp-block-group-is-layout-flow\">\n<h5 class=\"has-text-color wp-block-heading\" style=\"color:#333333\">Muss ich einen Helm haben?<\/h5>\n\n\n\n<p class=\"has-text-color\" style=\"color:#333333\">Nat\u00fcrlich empfehlen wir Ihnen, einen Helm zu tragen, insbesondere f\u00fcr Kinder und Jugendliche. Es gibt eine kleine Anzahl von Helmen, die Sie sich am Start ausleihen k\u00f6nnen, falls Sie sie vergessen haben, aber Sie k\u00f6nnen auch gerne Ihren eigenen mitbringen, damit Sie einen bekommen, der zu Ihnen passt.<\/p>\n\n\n\n<h5 class=\"has-text-color wp-block-heading\" style=\"color:#333333\">K\u00f6nnen auch die Kleinsten mitkommen?<\/h5>\n\n\n\n<p class=\"has-text-color\" style=\"color:#333333\">Ohne Weiteres, sobald sie selbst aufrecht sitzen und im Kinderstuhl angeschnallt werden k\u00f6nnen. Wir haben besondere Kinderst\u00fchle, die an die Fahrr\u00e4der geh\u00e4ngt werden. Allerdings nur eine begrenzte Anzahl auf jeder Strecke.<\/p>\n\n\n\n<h5 class=\"has-text-color wp-block-heading\" style=\"color:#333333\">Wie viele Personen k\u00f6nnen auf einem Rad sitzen?<\/h5>\n\n\n\n<p class=\"has-text-color\" style=\"color:#333333\">Es gibt zwei Arten von Fahrr\u00e4dern, eines mit einem Sitz und eines mit einer Pritsche. In Hultsfred und Flaten sind sie alle mit Sitz, in Virserum und \u00c5seda sind sie gemischt. Die Version mit Sitz kann 2 Erwachsene bef\u00f6rdern, die Version mit Pritsche kann 1 Erwachsenen und 1 Kind\/Jugendlichen bef\u00f6rdern.<\/p>\n\n\n\n<h5 class=\"has-text-color wp-block-heading\" style=\"color:#333333\">Radelt man in eine Richtung oder hin und zur\u00fcck?<\/h5>\n\n\n\n<p class=\"has-text-color\" style=\"color:#333333\">Es gibt zwei Arten von Fahrr\u00e4dern, eines mit einem Sitz und eines mit einer Pritsche. In Hultsfred und Flaten sind sie alle mit Sitz, in Virserum und \u00c5seda sind sie gemischt. Die Version mit Sitz kann 2 Erwachsene bef\u00f6rdern, die Version mit Pritsche kann 1 Erwachsenen und 1 Kind\/Jugendlichen bef\u00f6rdern.<\/p>\n\n\n\n<h5 class=\"has-black-color has-text-color wp-block-heading\">Kann ich meinen Hund mitnehmen?<\/h5>\n\n\n\n<p class=\"has-black-color has-text-color\">Ja, es ist m\u00f6glich, den Hund mitzunehmen, aber seien Sie sich bewusst, dass es f\u00fcr einen Hund mit seinem guten Geh\u00f6r eine ziemlich laute Umgebung ist. Der Hund sollte auch hinten auf dem Fahrrad sitzen k\u00f6nnen, damit er z. B. bei Geschwindigkeit nicht abspringt. Bitte \u00fcberlegen Sie, ob der Hund mitkommen muss, bevor Sie ihn mitnehmen.<\/p>\n<\/div><\/div>\n\n\n\n<p><\/p>\n<\/div>\n<\/div>\n<\/div><\/div>\n\n\n\n<div class=\"wp-block-cover alignfull has-white-background-color has-background-dim\" style=\"min-height:500px;aspect-ratio:unset;\"><div class=\"wp-block-cover__inner-container is-layout-flow wp-block-cover-is-layout-flow\">\n<h2 class=\"has-text-align-center has-text-color wp-block-heading\" style=\"color:#333333\">W\u00e4hrend und nach dem Radfahren<\/h2>\n\n\n\n<div class=\"wp-block-columns are-vertically-aligned-top is-layout-flex wp-container-core-columns-is-layout-28f84493 wp-block-columns-is-layout-flex\">\n<div class=\"wp-block-column is-vertically-aligned-top is-layout-flow wp-block-column-is-layout-flow\">\n<div class=\"wp-block-group\"><div class=\"wp-block-group__inner-container is-layout-flow wp-block-group-is-layout-flow\">\n<h5 class=\"has-black-color has-text-color wp-block-heading\">Gibt es Regeln f\u00fcr das Radeln?<\/h5>\n\n\n\n<p class=\"has-black-color has-text-color\">Vor dem Start unterschreiben Sie einen Vertrag, der unsere Verkehrsregeln enth\u00e4lt. Unser Personal erkl\u00e4rt sie der gesamten Gruppe, bevor Sie losfahren. Entlang der Strecken sind au\u00dferdem Schilder aufgestellt, aus denen hervorgeht, wo Sie anhalten und die R\u00e4der schieben m\u00fcssen.<\/p>\n\n\n\n<h5 class=\"has-black-color has-text-color wp-block-heading\">Darf ich anhalten, wo ich will?<\/h5>\n\n\n\n<p class=\"has-black-color has-text-color\">Durchaus, aber nehmen Sie das Rad von den Schienen, damit andere passieren k\u00f6nnen, wenn Sie etwa eine Kaffeepause an der Strecke machen m\u00f6chten. Private Grundst\u00fccke m\u00fcssen nat\u00fcrlich respektiert werden.<\/p>\n\n\n\n<h5 class=\"has-black-color has-text-color wp-block-heading\">Was gilt bei Begegnungen mit anderen Radlern?<\/h5>\n\n\n\n<p class=\"has-black-color has-text-color\">Entweder nehmen Sie oder die anderen Radler das Rad von den Schienen, je nach Richtung. Unser Personal informiert dar\u00fcber vor Ort. Immer den Rahmen des Rads anheben, nicht den Lenker usw.<\/p>\n\n\n\n<p><\/p>\n<\/div><\/div>\n<\/div>\n\n\n\n<div class=\"wp-block-column is-vertically-aligned-top is-layout-flow wp-block-column-is-layout-flow\">\n<div class=\"wp-block-group\"><div class=\"wp-block-group__inner-container is-layout-flow wp-block-group-is-layout-flow\">\n<h5 class=\"has-black-color has-text-color wp-block-heading\">Wie kehre ich mit dem Rad um?<\/h5>\n\n\n\n<p class=\"has-black-color has-text-color\">Am einfachsten ist es, die Wendeplatten zu benutzen, die sich an ausgew\u00e4hlten Stellen der Strecken befinden. Ansonsten das Rad zu zweit vorn beziehungsweise hinten am Rahmen heben (nicht am Lenker usw.) Unser Personal zeigt, wie\u2019s funktioniert, ehe Sie starten.<\/p>\n\n\n\n<h5 class=\"has-black-color has-text-color wp-block-heading\">An wen wende ich mich, wenn etwas schiefgeht?<\/h5>\n\n\n\n<p class=\"has-black-color has-text-color\">Sprechen Sie zun\u00e4chst direkt mit unseren Mitarbeitern vor Ort, und wir werden versuchen, das Problem sofort zu l\u00f6sen. Ansonsten k\u00f6nnen Sie uns am einfachsten per E-Mail oder Facebook erreichen, und wir werden Ihnen helfen.<\/p>\n\n\n\n<h5 class=\"has-black-color has-text-color wp-block-heading\">Ich habe etwas vergessen<\/h5>\n\n\n\n<p class=\"has-black-color has-text-color\">Melden Sie sich bei uns<a href=\"mailto:info@smalsparet.com\"> per E-Mail oder Telefon wie folgt<\/a>.<\/p>\n\n\n\n<p><\/p>\n<\/div><\/div>\n\n\n\n<p><\/p>\n<\/div>\n<\/div>\n<\/div><\/div>\n\n\n\n<p><\/p>\n\n\n\n<div class=\"wp-block-group alignfull has-background\" style=\"background-color:#f8f6f3\"><div class=\"wp-block-group__inner-container is-layout-flow wp-block-group-is-layout-flow\">\n<h2 class=\"has-text-align-center wp-block-heading\">Draisine<\/h2>\n\n\n\n<h2 class=\"has-text-align-center wp-block-heading\">Virserum &amp; \u00c5seda<\/h2>\n\n\n\n<div class=\"wp-block-columns are-vertically-aligned-center is-layout-flex wp-container-core-columns-is-layout-28f84493 wp-block-columns-is-layout-flex\">\n<div class=\"wp-block-column is-vertically-aligned-center is-layout-flow wp-block-column-is-layout-flow\">\n<div class=\"wp-block-image is-style-default\"><figure class=\"aligncenter size-large is-resized\"><img loading=\"lazy\" decoding=\"async\" src=\"https:\/\/smalsparet.com\/wp-content\/uploads\/2020\/09\/phone.png\" alt=\"\" class=\"wp-image-3847\" width=\"25\" height=\"25\"\/><\/figure><\/div>\n\n\n\n<p class=\"has-text-align-center\">0495-108 08<\/p>\n<\/div>\n\n\n\n<div class=\"wp-block-column is-vertically-aligned-center is-layout-flow wp-block-column-is-layout-flow\">\n<div class=\"wp-block-image is-style-default\"><figure class=\"aligncenter size-large is-resized\"><img loading=\"lazy\" decoding=\"async\" src=\"https:\/\/smalsparet.com\/wp-content\/uploads\/2020\/09\/mail-us.png\" alt=\"\" class=\"wp-image-3853\" width=\"25\" height=\"17\"\/><\/figure><\/div>\n\n\n\n<p class=\"has-text-align-center\">info@smalsparet.com<\/p>\n<\/div>\n<\/div>\n<\/div><\/div>\n\n\n\n<div class=\"wp-block-group alignfull has-white-background-color has-background\"><div class=\"wp-block-group__inner-container is-layout-flow wp-block-group-is-layout-flow\">\n<h2 class=\"has-text-align-center wp-block-heading\">Draisine<\/h2>\n\n\n\n<h2 class=\"has-text-align-center wp-block-heading\">Hultsfred &amp; Flaten<\/h2>\n\n\n\n<div class=\"wp-block-columns are-vertically-aligned-center is-layout-flex wp-container-core-columns-is-layout-28f84493 wp-block-columns-is-layout-flex\">\n<div class=\"wp-block-column is-vertically-aligned-center is-layout-flow wp-block-column-is-layout-flow\">\n<div class=\"wp-block-image is-style-default\"><figure class=\"aligncenter size-large is-resized\"><img loading=\"lazy\" decoding=\"async\" src=\"https:\/\/smalsparet.com\/wp-content\/uploads\/2020\/09\/phone.png\" alt=\"\" class=\"wp-image-3847\" width=\"25\" height=\"25\"\/><\/figure><\/div>\n\n\n\n<p class=\"has-text-align-center\">0495-650 880<\/p>\n<\/div>\n\n\n\n<div class=\"wp-block-column is-vertically-aligned-center is-layout-flow wp-block-column-is-layout-flow\">\n<div class=\"wp-block-image is-style-default\"><figure class=\"aligncenter size-large is-resized\"><img loading=\"lazy\" decoding=\"async\" src=\"https:\/\/smalsparet.com\/wp-content\/uploads\/2020\/09\/mail-us.png\" alt=\"\" class=\"wp-image-3853\" width=\"25\" height=\"17\"\/><\/figure><\/div>\n\n\n\n<p class=\"has-text-align-center\">info@smalsparet.com<\/p>\n<\/div>\n<\/div>\n<\/div><\/div>\n\n\n\n<div class=\"wp-block-group alignfull has-background\" style=\"background-color:#001524\"><div class=\"wp-block-group__inner-container is-layout-flow wp-block-group-is-layout-flow\">\n<div class=\"wp-block-columns is-layout-flex wp-container-core-columns-is-layout-28f84493 wp-block-columns-is-layout-flex\">\n<div class=\"wp-block-column is-layout-flow wp-block-column-is-layout-flow\" style=\"flex-basis:40%\">\n<h5 class=\"has-white-color has-text-color wp-block-heading\">\u00dcber F\u00f6reningen Smalsp\u00e5ret<\/h5>\n\n\n\n<div class=\"wp-block-image\"><figure class=\"alignleft size-large is-resized\"><img loading=\"lazy\" decoding=\"async\" src=\"https:\/\/smalsparet.com\/wp-content\/uploads\/2020\/12\/FSVV_symbol@2x.png\" alt=\"F\u00f6reningen Smalsp\u00e5ret V\u00e4xj\u00f6-V\u00e4stervik\" class=\"wp-image-3909\" width=\"84\" height=\"84\" srcset=\"https:\/\/smalsparet.com\/wp-content\/uploads\/2020\/12\/FSVV_symbol@2x.png 600w, https:\/\/smalsparet.com\/wp-content\/uploads\/2020\/12\/FSVV_symbol@2x-300x300.png 300w, https:\/\/smalsparet.com\/wp-content\/uploads\/2020\/12\/FSVV_symbol@2x-150x150.png 150w, https:\/\/smalsparet.com\/wp-content\/uploads\/2020\/12\/FSVV_symbol@2x-12x12.png 12w, https:\/\/smalsparet.com\/wp-content\/uploads\/2020\/12\/FSVV_symbol@2x-100x100.png 100w, https:\/\/smalsparet.com\/wp-content\/uploads\/2020\/12\/FSVV_symbol@2x-500x500.png 500w, https:\/\/smalsparet.com\/wp-content\/uploads\/2020\/12\/FSVV_symbol@2x-70x70.png 70w\" sizes=\"auto, (max-width: 84px) 100vw, 84px\" \/><\/figure><\/div>\n\n\n\n<p class=\"has-cyan-bluish-gray-color has-text-color\">F\u00f6reningen Smalsp\u00e5ret V\u00e4xj\u00f6-V\u00e4stervik ist eine gemeinn\u00fctzige, unpolitische Organisation, die 1984 gegr\u00fcndet wurde und \u00fcber 1000 Mitglieder hat.<\/p>\n\n\n\n<p class=\"has-cyan-bluish-gray-color has-text-color\">Der Verein setzt sich daf\u00fcr ein, dass die Schmalspurbahn V\u00e4xj\u00f6-V\u00e4stervik in ihrer jetzigen Streckenf\u00fchrung erhalten und ausgebaut wird. Mehr lesen <a href=\"#\">mehr \u00fcber den Verein<\/a>.<\/p>\n<\/div>\n\n\n\n<div class=\"wp-block-column is-layout-flow wp-block-column-is-layout-flow\" style=\"flex-basis:26.67%\">\n<h5 class=\"has-text-align-left has-white-color has-text-color wp-block-heading\">Kontaktieren Sie uns unter<\/h5>\n\n\n<nav class=\"has-text-color has-cyan-bluish-gray-color is-responsive wp-block-navigation is-layout-flex wp-block-navigation-is-layout-flex\" \n\t\t data-wp-interactive=\"core\/navigation\" data-wp-context='{\"overlayOpenedBy\":{\"click\":false,\"hover\":false,\"focus\":false},\"type\":\"overlay\",\"roleAttribute\":\"\",\"ariaLabel\":\"Men\\u00fc\"}'><button aria-haspopup=\"dialog\" aria-label=\"Men\u00fc \u00f6ffnen\" class=\"wp-block-navigation__responsive-container-open\" \n\t\t\t\tdata-wp-on--click=\"actions.openMenuOnClick\"\n\t\t\t\tdata-wp-on--keydown=\"actions.handleMenuKeydown\"\n\t\t\t><svg width=\"24\" height=\"24\" xmlns=\"http:\/\/www.w3.org\/2000\/svg\" viewbox=\"0 0 24 24\" aria-hidden=\"true\" focusable=\"false\"><path d=\"M4 7.5h16v1.5H4z\"><\/path><path d=\"M4 15h16v1.5H4z\"><\/path><\/svg><\/button>\n\t\t\t\t<div class=\"wp-block-navigation__responsive-container\"  id=\"modal-1\" \n\t\t\t\tdata-wp-class--has-modal-open=\"state.isMenuOpen\"\n\t\t\t\tdata-wp-class--is-menu-open=\"state.isMenuOpen\"\n\t\t\t\tdata-wp-watch=\"callbacks.initMenu\"\n\t\t\t\tdata-wp-on--keydown=\"actions.handleMenuKeydown\"\n\t\t\t\tdata-wp-on--focusout=\"actions.handleMenuFocusout\"\n\t\t\t\ttabindex=\"-1\"\n\t\t\t>\n\t\t\t\t\t<div class=\"wp-block-navigation__responsive-close\" tabindex=\"-1\">\n\t\t\t\t\t\t<div class=\"wp-block-navigation__responsive-dialog\" \n\t\t\t\tdata-wp-bind--aria-modal=\"state.ariaModal\"\n\t\t\t\tdata-wp-bind--aria-label=\"state.ariaLabel\"\n\t\t\t\tdata-wp-bind--role=\"state.roleAttribute\"\n\t\t\t>\n\t\t\t\t\t\t\t<button aria-label=\"Men\u00fc schlie\u00dfen\" class=\"wp-block-navigation__responsive-container-close\" \n\t\t\t\tdata-wp-on--click=\"actions.closeMenuOnClick\"\n\t\t\t><svg xmlns=\"http:\/\/www.w3.org\/2000\/svg\" viewbox=\"0 0 24 24\" width=\"24\" height=\"24\" aria-hidden=\"true\" focusable=\"false\"><path d=\"m13.06 12 6.47-6.47-1.06-1.06L12 10.94 5.53 4.47 4.47 5.53 10.94 12l-6.47 6.47 1.06 1.06L12 13.06l6.47 6.47 1.06-1.06L13.06 12Z\"><\/path><\/svg><\/button>\n\t\t\t\t\t\t\t<div class=\"wp-block-navigation__responsive-container-content\" \n\t\t\t\tdata-wp-watch=\"callbacks.focusFirstElement\"\n\t\t\t id=\"modal-1-content\">\n\t\t\t\t\t\t\t\t<ul class=\"wp-block-navigation__container has-text-color has-cyan-bluish-gray-color is-responsive wp-block-navigation\"><li class=\"wp-block-navigation-item wp-block-navigation-link\"><a class=\"wp-block-navigation-item__content\"  href=\"http:\/\/maps.google.com\/?q=S%C3%B6dra%20J%C3%A4rnv%C3%A4gsgatan%2020,%20577%2071,%20Virserum\"><span class=\"wp-block-navigation-item__label\"><strong>Adresse<\/strong>: <em>Box 1, 577 03, Virserum<\/em><\/span><\/a><\/li><li class=\"wp-block-navigation-item wp-block-navigation-link\"><a class=\"wp-block-navigation-item__content\"  href=\"mailto:info@smalsparet.com\"><span class=\"wp-block-navigation-item__label\"><strong>E-Mail:<\/strong> info@smalsparet.com<\/span><\/a><\/li><li class=\"wp-block-navigation-item wp-block-navigation-link\"><a class=\"wp-block-navigation-item__content\"  href=\"tel:004649510808\"><span class=\"wp-block-navigation-item__label\"><strong>Dressin Virserum\/\u00c5seda:<\/strong> 0495-108 08<\/span><\/a><\/li><li class=\"wp-block-navigation-item wp-block-navigation-link\"><a class=\"wp-block-navigation-item__content\"  href=\"tel:0046495650880\"><span class=\"wp-block-navigation-item__label\"><strong>Dressin Flaten\/Hultsfred: <\/strong>0495-650 880<\/span><\/a><\/li><\/ul>\n\t\t\t\t\t\t\t<\/div>\n\t\t\t\t\t\t<\/div>\n\t\t\t\t\t<\/div>\n\t\t\t\t<\/div><\/nav><\/div>\n\n\n\n<div class=\"wp-block-column is-layout-flow wp-block-column-is-layout-flow\" style=\"flex-basis:33.33%\"><script>(function() {\n\twindow.mc4wp = window.mc4wp || {\n\t\tlisteners: [],\n\t\tforms: {\n\t\t\ton: function(evt, cb) {\n\t\t\t\twindow.mc4wp.listeners.push(\n\t\t\t\t\t{\n\t\t\t\t\t\tevent   : evt,\n\t\t\t\t\t\tcallback: cb\n\t\t\t\t\t}\n\t\t\t\t);\n\t\t\t}\n\t\t}\n\t}\n})();\n<\/script><!-- Mailchimp for WordPress v4.11.1 - https:\/\/wordpress.org\/plugins\/mailchimp-for-wp\/ --><form id=\"mc4wp-form-1\" class=\"mc4wp-form mc4wp-form-4128\" method=\"post\" data-id=\"4128\" data-name=\"Nyhetsbrev sidfot\" action=\"\" ><div class=\"mc4wp-form-fields\"><p class=\"has-cyan-bluish-gray-color\">\r\n\t<label>E-Mail Adresse: \r\n\t\t<input type=\"email\" name=\"EMAIL\" placeholder=\"Ihre E-Mail Adresse\" required \/>\r\n<\/label>\r\n<\/p>\r\n\r\n<p class=\"has-cyan-bluish-gray-color\">\r\n    <label>\r\n        <input name=\"AGREE_TO_TERMS\" type=\"checkbox\" value=\"1\" required=\"\" style=\"margin-right: 10px;\">Ich habe die Allgemeinen Gesch\u00e4ftsbedingungen gelesen und akzeptiere sie<\/label>\r\n<\/p>\r\n\r\n<p>\r\n\t<input type=\"submit\" value=\"Register\" \/>\r\n<\/p><\/div><label style=\"display: none !important;\">Wenn Sie ein Mensch sind, lassen Sie das Feld leer: <input type=\"text\" name=\"_mc4wp_honeypot\" value=\"\" tabindex=\"-1\" autocomplete=\"off\" \/><\/label><input type=\"hidden\" name=\"_mc4wp_timestamp\" value=\"1777713617\" \/><input type=\"hidden\" name=\"_mc4wp_form_id\" value=\"4128\" \/><input type=\"hidden\" name=\"_mc4wp_form_element_id\" value=\"mc4wp-form-1\" \/><div class=\"mc4wp-response\"><\/div><input type=\"hidden\" name=\"trp-form-language\" value=\"de\"\/><\/form><!-- \/ Mailchimp for WordPress Plugin -->\n\n\n<p><\/p>\n<\/div>\n<\/div>\n<\/div><\/div>","protected":false},"excerpt":{"rendered":"<p>H\u00e4ufig gestellte Fragen zum Dressurreiten Dressin Virserum &amp; \u00c5seda 0495-108 08 info@smalsparet.com Dressin Hultsfred &amp; Flaten 0495-650 880 info@smalsparet.com<\/p>","protected":false},"author":1,"featured_media":0,"parent":0,"menu_order":0,"comment_status":"closed","ping_status":"closed","template":"","meta":{"om_disable_all_campaigns":false,"_uag_custom_page_level_css":"","_monsterinsights_skip_tracking":false,"_monsterinsights_sitenote_active":false,"_monsterinsights_sitenote_note":"","_monsterinsights_sitenote_category":0,"site-sidebar-layout":"no-sidebar","site-content-layout":"plain-container","ast-site-content-layout":"default","site-content-style":"default","site-sidebar-style":"default","ast-global-header-display":"","ast-banner-title-visibility":"","ast-main-header-display":"","ast-hfb-above-header-display":"","ast-hfb-below-header-display":"","ast-hfb-mobile-header-display":"","site-post-title":"disabled","ast-breadcrumbs-content":"","ast-featured-img":"disabled","footer-sml-layout":"","ast-disable-related-posts":"","theme-transparent-header-meta":"default","adv-header-id-meta":"","stick-header-meta":"","header-above-stick-meta":"","header-main-stick-meta":"","header-below-stick-meta":"","astra-migrate-meta-layouts":"default","ast-page-background-enabled":"default","ast-page-background-meta":{"desktop":{"background-color":"","background-image":"","background-repeat":"repeat","background-position":"center center","background-size":"auto","background-attachment":"scroll","background-type":"","background-media":"","overlay-type":"","overlay-color":"","overlay-opacity":"","overlay-gradient":""},"tablet":{"background-color":"","background-image":"","background-repeat":"repeat","background-position":"center center","background-size":"auto","background-attachment":"scroll","background-type":"","background-media":"","overlay-type":"","overlay-color":"","overlay-opacity":"","overlay-gradient":""},"mobile":{"background-color":"","background-image":"","background-repeat":"repeat","background-position":"center center","background-size":"auto","background-attachment":"scroll","background-type":"","background-media":"","overlay-type":"","overlay-color":"","overlay-opacity":"","overlay-gradient":""}},"ast-content-background-meta":{"desktop":{"background-color":"var(--ast-global-color-5)","background-image":"","background-repeat":"repeat","background-position":"center center","background-size":"auto","background-attachment":"scroll","background-type":"","background-media":"","overlay-type":"","overlay-color":"","overlay-opacity":"","overlay-gradient":""},"tablet":{"background-color":"var(--ast-global-color-5)","background-image":"","background-repeat":"repeat","background-position":"center center","background-size":"auto","background-attachment":"scroll","background-type":"","background-media":"","overlay-type":"","overlay-color":"","overlay-opacity":"","overlay-gradient":""},"mobile":{"background-color":"var(--ast-global-color-5)","background-image":"","background-repeat":"repeat","background-position":"center center","background-size":"auto","background-attachment":"scroll","background-type":"","background-media":"","overlay-type":"","overlay-color":"","overlay-opacity":"","overlay-gradient":""}},"footnotes":""},"class_list":["post-4400","page","type-page","status-publish","hentry"],"aioseo_notices":[],"spectra_custom_meta":{"site-sidebar-layout":["no-sidebar"],"site-content-layout":["plain-container"],"theme-transparent-header-meta":["default"],"site-post-title":["disabled"],"ast-featured-img":["disabled"],"_yoast_wpseo_content_score":["60"],"astra-main-page-id":["48123"],"_wxr_import_user_slug":["rishabhm"],"_astra_sites_imported_post":["1"],"_astra_sites_enable_for_batch":["1"],"_dp_original":["3614"],"_edit_lock":["1612292915:1"],"_edit_last":["1"],"_uag_page_assets":["a:9:{s:3:\"css\";s:0:\"\";s:2:\"js\";s:0:\"\";s:18:\"current_block_list\";a:13:{i:0;s:10:\"core\/group\";i:1;s:12:\"core\/heading\";i:2;s:10:\"core\/cover\";i:3;s:12:\"core\/columns\";i:4;s:11:\"core\/column\";i:5;s:14:\"core\/paragraph\";i:8;s:10:\"core\/image\";i:9;s:15:\"core\/navigation\";i:10;s:20:\"core\/navigation-link\";i:12;s:21:\"mailchimp-for-wp\/form\";i:13;s:26:\"woocommerce\/product-search\";i:14;s:27:\"woocommerce\/product-on-sale\";i:15;s:32:\"woocommerce\/product-best-sellers\";}s:8:\"uag_flag\";b:0;s:11:\"uag_version\";s:10:\"1777463016\";s:6:\"gfonts\";a:0:{}s:10:\"gfonts_url\";s:0:\"\";s:12:\"gfonts_files\";a:0:{}s:14:\"uag_faq_layout\";b:0;}"]},"uagb_featured_image_src":{"full":false,"thumbnail":false,"medium":false,"medium_large":false,"large":false,"1536x1536":false,"2048x2048":false,"trp-custom-language-flag":false,"woocommerce_thumbnail":false,"woocommerce_single":false,"woocommerce_gallery_thumbnail":false,"awb_sm":false,"awb_md":false,"awb_lg":false,"awb_xl":false},"uagb_author_info":{"display_name":"admin","author_link":"https:\/\/smalsparet.com\/de\/author\/olafjlindstrom_ciz3lt7h\/"},"uagb_comment_info":0,"uagb_excerpt":"Vanliga fr\u00e5gor om dressincykling Dressin Virserum &amp; \u00c5seda 0495-108 08 info@smalsparet.com Dressin Hultsfred &amp; Flaten 0495-650 880 info@smalsparet.com","_links":{"self":[{"href":"https:\/\/smalsparet.com\/de\/wp-json\/wp\/v2\/pages\/4400","targetHints":{"allow":["GET"]}}],"collection":[{"href":"https:\/\/smalsparet.com\/de\/wp-json\/wp\/v2\/pages"}],"about":[{"href":"https:\/\/smalsparet.com\/de\/wp-json\/wp\/v2\/types\/page"}],"author":[{"embeddable":true,"href":"https:\/\/smalsparet.com\/de\/wp-json\/wp\/v2\/users\/1"}],"replies":[{"embeddable":true,"href":"https:\/\/smalsparet.com\/de\/wp-json\/wp\/v2\/comments?post=4400"}],"version-history":[{"count":1,"href":"https:\/\/smalsparet.com\/de\/wp-json\/wp\/v2\/pages\/4400\/revisions"}],"predecessor-version":[{"id":4416,"href":"https:\/\/smalsparet.com\/de\/wp-json\/wp\/v2\/pages\/4400\/revisions\/4416"}],"wp:attachment":[{"href":"https:\/\/smalsparet.com\/de\/wp-json\/wp\/v2\/media?parent=4400"}],"curies":[{"name":"wp","href":"https:\/\/api.w.org\/{rel}","templated":true}]}}